{"id":18735,"date":"2021-09-13T12:51:04","date_gmt":"2021-09-13T10:51:04","guid":{"rendered":"https:\/\/www.ecoceutics.com\/producto\/gel-miel-romero\/"},"modified":"2024-05-08T16:10:11","modified_gmt":"2024-05-08T14:10:11","slug":"mel-de-romani","status":"publish","type":"product","link":"https:\/\/www.ecoceutics.com\/ca\/mel-de-romani\/","title":{"rendered":"Sens Gel de bany amb mel de roman\u00ed"},"content":{"rendered":"<p>Compost amb mel de roman\u00ed, hidrata i nodreix la pell alleujant petites ferides i rascades. Les seves propietats bals\u00e0miques i antis\u00e8ptiques actuen de manera positiva a la respiraci\u00f3.<\/p>\n<p>&nbsp;<\/p>\n<h3><a name=\"_Toc68000354\"><\/a><strong>Formulaci\u00f3 i propietats<\/strong><\/h3>\n<p>Hidrata i nodreix la teva pell<\/p>\n<p>&nbsp;<\/p>\n<p><strong>Propietats del roman\u00ed<\/strong><\/p>\n<p>La mel de roman\u00ed \u00e9s la mel produ\u00efda per les abelles que van a les flors de roman\u00ed. Les propietats de la mel de roman\u00ed s\u00f3n moltes i tenen m\u00faltiples beneficis.<\/p>\n<p>\u00c9s ideal per a la pell que est\u00e0 cont\u00ednuament exposada a agressions o amb petits talls, ferides o rascades. Aquest n\u00e8ctar ajuda a conservar la seva elasticitat deixant llisa i suau, hidratant la pell i alleujant aix\u00ed les zones afectades.<\/p>\n<p>A m\u00e9s, la mel de roman\u00ed cont\u00e9 propietats bals\u00e0miques i antis\u00e8ptiques que actua de forma positiva a la respiraci\u00f3, ajudant a obrir les vies respirat\u00f2ries.<\/p>\n<p>&nbsp;<\/p>\n<p><strong>Gel de bany amb ph neutre<\/strong><\/p>\n<p>El ph s\u2019expressa num\u00e8ricament (del 0 a l\u201914) indicant l\u2019\u00e0cid o alcalinitat que cont\u00e9 una subst\u00e0ncia. Si el ph de la subst\u00e0ncia no est\u00e0 equilibrat amb el ph del nostre cos, tindrem alteracions cut\u00e0nies, aix\u00ed com: caiguda de cabells, pell irritada etc.<\/p>\n<p>&nbsp;<\/p>\n<p>Les propietats humectants de la mel de roman\u00ed i el seu agradable aroma a bosc ajuden a conservar l\u2019elasticitat natural de la pell, aix\u00ed com el nivell de ph de la forma m\u00e9s agradable. A m\u00e9s de prevenir l\u2019envelliment prematur i la sequedat.<\/p>\n<p>&nbsp;<\/p>\n<p>El gel de bany amb mel de roman\u00ed de\u00a0<strong>farmacies ecoceutics<\/strong>\u00a0pertany a la\u00a0<strong>gamma d\u2019hidrataci\u00f3 i higiene ecovital sens<\/strong>.<\/p>\n<p>&nbsp;<\/p>\n<h3><a name=\"_Toc68000356\"><\/a><strong>Pensat per:<\/strong><\/h3>\n<ul>\n<li>Hidratar i nodrir la pell.<\/li>\n<li>Estimular la renovaci\u00f3 cel\u00b7lular.<\/li>\n<li>Tota la fam\u00edlia.<\/li>\n<li>Persones que desitjin respirar l\u2019aroma a bosc.<\/li>\n<\/ul>\n<p><strong>\u00a0<\/strong><\/p>\n<h3><a name=\"_Toc68000357\"><\/a><strong>Apte per:<\/strong><\/h3>\n<ul>\n<li>Nens\/es a partir de 3 anys.<\/li>\n<\/ul>\n<p><strong>\u00a0<\/strong><\/p>\n<h3><a name=\"_Toc68000358\"><\/a><strong>Mode d\u2019\u00fas<\/strong><\/h3>\n<ul>\n<li>Aplicar en el cos durant el bany i esbandir amb aigua.<\/li>\n<li>Evitar el contacte amb els ulls. En cas de contacte amb els ulls, aclarir immediatament amb abundant aigua.<\/li>\n<\/ul>\n<p>&nbsp;<\/p>\n<h3><a name=\"_Toc68000359\"><\/a><strong>Ingredients<\/strong><\/h3>\n<p>Aqua, Sodium Laureth Sulfate, Rosemary Honey, Cocamidopropyl Betaine, Cocamide DEA, Sodium Chloride, Parfum, Citric Acid, Methylcloroisothiazolinone, Methylisothiazolinone, Caramel.<\/p>\n","protected":false},"excerpt":{"rendered":"<p>Estimula la renovaci\u00f3 cel\u00b7lular<\/p>\n","protected":false},"featured_media":18419,"template":"","meta":{"_acf_changed":false,"inline_featured_image":false,"_mbp_gutenberg_autopost":false},"product_brand":[],"product_cat":[142],"product_tag":[139,167],"beneficio":[192,194],"class_list":{"0":"post-18735","1":"product","2":"type-product","3":"status-publish","4":"has-post-thumbnail","6":"product_cat-higiene-i-hidratacio","7":"product_tag-cura-corporal","8":"product_tag-higiene-ca","9":"beneficio-cura-corporal","10":"beneficio-higiene-2","12":"first","13":"instock","14":"shipping-taxable","15":"product-type-simple"},"acf":[],"yoast_head":"<!-- This site is optimized with the Yoast SEO plugin v27.5 - https:\/\/yoast.com\/product\/yoast-seo-wordpress\/ -->\n<title>Sens Gel de bany amb mel de roman\u00ed | farm\u00e0cies ecoceutics<\/title>\n<meta name=\"description\" content=\"Sens Gel de bany amb mel de roman\u00ed, hidrata i nodreix la teva pell en profunditat deixant un delici\u00f3s aroma a mel de roman\u00ed.\" \/>\n<meta name=\"robots\" content=\"index, follow, max-snippet:-1, max-image-preview:large, max-video-preview:-1\" \/>\n<link rel=\"canonical\" href=\"https:\/\/www.ecoceutics.com\/ca\/mel-de-romani\/\" \/>\n<meta property=\"og:locale\" content=\"ca_ES\" \/>\n<meta property=\"og:type\" content=\"article\" \/>\n<meta property=\"og:title\" content=\"Sens Gel de bany amb mel de roman\u00ed | farm\u00e0cies ecoceutics\" \/>\n<meta property=\"og:description\" content=\"Sens Gel de bany amb mel de roman\u00ed, hidrata i nodreix la teva pell en profunditat deixant un delici\u00f3s aroma a mel de roman\u00ed.\" \/>\n<meta property=\"og:url\" content=\"https:\/\/www.ecoceutics.com\/ca\/mel-de-romani\/\" \/>\n<meta property=\"og:site_name\" content=\"ecoceutics\" \/>\n<meta property=\"article:modified_time\" content=\"2024-05-08T14:10:11+00:00\" \/>\n<meta property=\"og:image\" content=\"https:\/\/www.ecoceutics.com\/wp-content\/uploads\/2021\/09\/672x672_gel-mel-romani.jpg\" \/>\n\t<meta property=\"og:image:width\" content=\"672\" \/>\n\t<meta property=\"og:image:height\" content=\"672\" \/>\n\t<meta property=\"og:image:type\" content=\"image\/jpeg\" \/>\n<meta name=\"twitter:card\" content=\"summary_large_image\" \/>\n<meta name=\"twitter:label1\" content=\"Temps estimat de lectura\" \/>\n\t<meta name=\"twitter:data1\" content=\"2 minuts\" \/>\n<script type=\"application\/ld+json\" class=\"yoast-schema-graph\">{\"@context\":\"https:\\\/\\\/schema.org\",\"@graph\":[{\"@type\":\"WebPage\",\"@id\":\"https:\\\/\\\/www.ecoceutics.com\\\/ca\\\/mel-de-romani\\\/\",\"url\":\"https:\\\/\\\/www.ecoceutics.com\\\/ca\\\/mel-de-romani\\\/\",\"name\":\"Sens Gel de bany amb mel de roman\u00ed | farm\u00e0cies ecoceutics\",\"isPartOf\":{\"@id\":\"https:\\\/\\\/www.ecoceutics.com\\\/ca\\\/#website\"},\"primaryImageOfPage\":{\"@id\":\"https:\\\/\\\/www.ecoceutics.com\\\/ca\\\/mel-de-romani\\\/#primaryimage\"},\"image\":{\"@id\":\"https:\\\/\\\/www.ecoceutics.com\\\/ca\\\/mel-de-romani\\\/#primaryimage\"},\"thumbnailUrl\":\"https:\\\/\\\/www.ecoceutics.com\\\/wp-content\\\/uploads\\\/2021\\\/09\\\/672x672_gel-mel-romani.jpg\",\"datePublished\":\"2021-09-13T10:51:04+00:00\",\"dateModified\":\"2024-05-08T14:10:11+00:00\",\"description\":\"Sens Gel de bany amb mel de roman\u00ed, hidrata i nodreix la teva pell en profunditat deixant un delici\u00f3s aroma a mel de roman\u00ed.\",\"breadcrumb\":{\"@id\":\"https:\\\/\\\/www.ecoceutics.com\\\/ca\\\/mel-de-romani\\\/#breadcrumb\"},\"inLanguage\":\"ca\",\"potentialAction\":[{\"@type\":\"ReadAction\",\"target\":[\"https:\\\/\\\/www.ecoceutics.com\\\/ca\\\/mel-de-romani\\\/\"]}]},{\"@type\":\"ImageObject\",\"inLanguage\":\"ca\",\"@id\":\"https:\\\/\\\/www.ecoceutics.com\\\/ca\\\/mel-de-romani\\\/#primaryimage\",\"url\":\"https:\\\/\\\/www.ecoceutics.com\\\/wp-content\\\/uploads\\\/2021\\\/09\\\/672x672_gel-mel-romani.jpg\",\"contentUrl\":\"https:\\\/\\\/www.ecoceutics.com\\\/wp-content\\\/uploads\\\/2021\\\/09\\\/672x672_gel-mel-romani.jpg\",\"width\":672,\"height\":672},{\"@type\":\"BreadcrumbList\",\"@id\":\"https:\\\/\\\/www.ecoceutics.com\\\/ca\\\/mel-de-romani\\\/#breadcrumb\",\"itemListElement\":[{\"@type\":\"ListItem\",\"position\":1,\"name\":\"Portada\",\"item\":\"https:\\\/\\\/www.ecoceutics.com\\\/ca\\\/\"},{\"@type\":\"ListItem\",\"position\":2,\"name\":\"Sens Gel de bany amb mel de roman\u00ed\"}]},{\"@type\":\"WebSite\",\"@id\":\"https:\\\/\\\/www.ecoceutics.com\\\/ca\\\/#website\",\"url\":\"https:\\\/\\\/www.ecoceutics.com\\\/ca\\\/\",\"name\":\"ecoceutics\",\"description\":\"Primera red de farmacias independientes bajo una marca\",\"publisher\":{\"@id\":\"https:\\\/\\\/www.ecoceutics.com\\\/ca\\\/#organization\"},\"potentialAction\":[{\"@type\":\"SearchAction\",\"target\":{\"@type\":\"EntryPoint\",\"urlTemplate\":\"https:\\\/\\\/www.ecoceutics.com\\\/ca\\\/?s={search_term_string}\"},\"query-input\":{\"@type\":\"PropertyValueSpecification\",\"valueRequired\":true,\"valueName\":\"search_term_string\"}}],\"inLanguage\":\"ca\"},{\"@type\":\"Organization\",\"@id\":\"https:\\\/\\\/www.ecoceutics.com\\\/ca\\\/#organization\",\"name\":\"Ecoceutics\",\"url\":\"https:\\\/\\\/www.ecoceutics.com\\\/ca\\\/\",\"logo\":{\"@type\":\"ImageObject\",\"inLanguage\":\"ca\",\"@id\":\"https:\\\/\\\/www.ecoceutics.com\\\/ca\\\/#\\\/schema\\\/logo\\\/image\\\/\",\"url\":\"https:\\\/\\\/www.ecoceutics.com\\\/wp-content\\\/uploads\\\/2022\\\/02\\\/Logo-Ecoceutics-SVG-01-1.svg\",\"contentUrl\":\"https:\\\/\\\/www.ecoceutics.com\\\/wp-content\\\/uploads\\\/2022\\\/02\\\/Logo-Ecoceutics-SVG-01-1.svg\",\"width\":232,\"height\":68,\"caption\":\"Ecoceutics\"},\"image\":{\"@id\":\"https:\\\/\\\/www.ecoceutics.com\\\/ca\\\/#\\\/schema\\\/logo\\\/image\\\/\"}}]}<\/script>\n<!-- \/ Yoast SEO plugin. -->","yoast_head_json":{"title":"Sens Gel de bany amb mel de roman\u00ed | farm\u00e0cies ecoceutics","description":"Sens Gel de bany amb mel de roman\u00ed, hidrata i nodreix la teva pell en profunditat deixant un delici\u00f3s aroma a mel de roman\u00ed.","robots":{"index":"index","follow":"follow","max-snippet":"max-snippet:-1","max-image-preview":"max-image-preview:large","max-video-preview":"max-video-preview:-1"},"canonical":"https:\/\/www.ecoceutics.com\/ca\/mel-de-romani\/","og_locale":"ca_ES","og_type":"article","og_title":"Sens Gel de bany amb mel de roman\u00ed | farm\u00e0cies ecoceutics","og_description":"Sens Gel de bany amb mel de roman\u00ed, hidrata i nodreix la teva pell en profunditat deixant un delici\u00f3s aroma a mel de roman\u00ed.","og_url":"https:\/\/www.ecoceutics.com\/ca\/mel-de-romani\/","og_site_name":"ecoceutics","article_modified_time":"2024-05-08T14:10:11+00:00","og_image":[{"width":672,"height":672,"url":"https:\/\/www.ecoceutics.com\/wp-content\/uploads\/2021\/09\/672x672_gel-mel-romani.jpg","type":"image\/jpeg"}],"twitter_card":"summary_large_image","twitter_misc":{"Temps estimat de lectura":"2 minuts"},"schema":{"@context":"https:\/\/schema.org","@graph":[{"@type":"WebPage","@id":"https:\/\/www.ecoceutics.com\/ca\/mel-de-romani\/","url":"https:\/\/www.ecoceutics.com\/ca\/mel-de-romani\/","name":"Sens Gel de bany amb mel de roman\u00ed | farm\u00e0cies ecoceutics","isPartOf":{"@id":"https:\/\/www.ecoceutics.com\/ca\/#website"},"primaryImageOfPage":{"@id":"https:\/\/www.ecoceutics.com\/ca\/mel-de-romani\/#primaryimage"},"image":{"@id":"https:\/\/www.ecoceutics.com\/ca\/mel-de-romani\/#primaryimage"},"thumbnailUrl":"https:\/\/www.ecoceutics.com\/wp-content\/uploads\/2021\/09\/672x672_gel-mel-romani.jpg","datePublished":"2021-09-13T10:51:04+00:00","dateModified":"2024-05-08T14:10:11+00:00","description":"Sens Gel de bany amb mel de roman\u00ed, hidrata i nodreix la teva pell en profunditat deixant un delici\u00f3s aroma a mel de roman\u00ed.","breadcrumb":{"@id":"https:\/\/www.ecoceutics.com\/ca\/mel-de-romani\/#breadcrumb"},"inLanguage":"ca","potentialAction":[{"@type":"ReadAction","target":["https:\/\/www.ecoceutics.com\/ca\/mel-de-romani\/"]}]},{"@type":"ImageObject","inLanguage":"ca","@id":"https:\/\/www.ecoceutics.com\/ca\/mel-de-romani\/#primaryimage","url":"https:\/\/www.ecoceutics.com\/wp-content\/uploads\/2021\/09\/672x672_gel-mel-romani.jpg","contentUrl":"https:\/\/www.ecoceutics.com\/wp-content\/uploads\/2021\/09\/672x672_gel-mel-romani.jpg","width":672,"height":672},{"@type":"BreadcrumbList","@id":"https:\/\/www.ecoceutics.com\/ca\/mel-de-romani\/#breadcrumb","itemListElement":[{"@type":"ListItem","position":1,"name":"Portada","item":"https:\/\/www.ecoceutics.com\/ca\/"},{"@type":"ListItem","position":2,"name":"Sens Gel de bany amb mel de roman\u00ed"}]},{"@type":"WebSite","@id":"https:\/\/www.ecoceutics.com\/ca\/#website","url":"https:\/\/www.ecoceutics.com\/ca\/","name":"ecoceutics","description":"Primera red de farmacias independientes bajo una marca","publisher":{"@id":"https:\/\/www.ecoceutics.com\/ca\/#organization"},"potentialAction":[{"@type":"SearchAction","target":{"@type":"EntryPoint","urlTemplate":"https:\/\/www.ecoceutics.com\/ca\/?s={search_term_string}"},"query-input":{"@type":"PropertyValueSpecification","valueRequired":true,"valueName":"search_term_string"}}],"inLanguage":"ca"},{"@type":"Organization","@id":"https:\/\/www.ecoceutics.com\/ca\/#organization","name":"Ecoceutics","url":"https:\/\/www.ecoceutics.com\/ca\/","logo":{"@type":"ImageObject","inLanguage":"ca","@id":"https:\/\/www.ecoceutics.com\/ca\/#\/schema\/logo\/image\/","url":"https:\/\/www.ecoceutics.com\/wp-content\/uploads\/2022\/02\/Logo-Ecoceutics-SVG-01-1.svg","contentUrl":"https:\/\/www.ecoceutics.com\/wp-content\/uploads\/2022\/02\/Logo-Ecoceutics-SVG-01-1.svg","width":232,"height":68,"caption":"Ecoceutics"},"image":{"@id":"https:\/\/www.ecoceutics.com\/ca\/#\/schema\/logo\/image\/"}}]}},"_links":{"self":[{"href":"https:\/\/www.ecoceutics.com\/ca\/wp-json\/wp\/v2\/product\/18735","targetHints":{"allow":["GET"]}}],"collection":[{"href":"https:\/\/www.ecoceutics.com\/ca\/wp-json\/wp\/v2\/product"}],"about":[{"href":"https:\/\/www.ecoceutics.com\/ca\/wp-json\/wp\/v2\/types\/product"}],"wp:featuredmedia":[{"embeddable":true,"href":"https:\/\/www.ecoceutics.com\/ca\/wp-json\/wp\/v2\/media\/18419"}],"wp:attachment":[{"href":"https:\/\/www.ecoceutics.com\/ca\/wp-json\/wp\/v2\/media?parent=18735"}],"wp:term":[{"taxonomy":"product_brand","embeddable":true,"href":"https:\/\/www.ecoceutics.com\/ca\/wp-json\/wp\/v2\/product_brand?post=18735"},{"taxonomy":"product_cat","embeddable":true,"href":"https:\/\/www.ecoceutics.com\/ca\/wp-json\/wp\/v2\/product_cat?post=18735"},{"taxonomy":"product_tag","embeddable":true,"href":"https:\/\/www.ecoceutics.com\/ca\/wp-json\/wp\/v2\/product_tag?post=18735"},{"taxonomy":"beneficio","embeddable":true,"href":"https:\/\/www.ecoceutics.com\/ca\/wp-json\/wp\/v2\/beneficio?post=18735"}],"curies":[{"name":"wp","href":"https:\/\/api.w.org\/{rel}","templated":true}]}}