{"id":18736,"date":"2021-09-13T13:02:53","date_gmt":"2021-09-13T11:02:53","guid":{"rendered":"https:\/\/www.ecoceutics.com\/producto\/gel-bano-aloe-vera\/"},"modified":"2024-05-08T16:20:16","modified_gmt":"2024-05-08T14:20:16","slug":"aloe-vera-gel","status":"publish","type":"product","link":"https:\/\/www.ecoceutics.com\/ca\/aloe-vera-gel\/","title":{"rendered":"Sens Gel de bany amb \u00e0loe vera"},"content":{"rendered":"<p>Perfecte per netejar i reparar la pell amb profunditat. Amb propietats refrescants, calmants i descongestives, respecta el pH i l\u2019equilibri natural de la pell. Pensat per a pells sensibles, irritades\u00a0i\u00a0o amb al\u00b7l\u00e8rgies als gels convencionals.<\/p>\n<p><strong>\u00a0<\/strong><\/p>\n<h3><a name=\"_Toc68001559\"><\/a><strong>Formulaci\u00f3 i propietats<\/strong><\/h3>\n<p>Neteja i repara la pell<\/p>\n<p><strong>Gel de bany amb \u00e0loe vera<\/strong><\/p>\n<p>Les propietats de l\u2019\u00e0loe vera s\u00f3n moltes:<\/p>\n<p>Neteja la pell\u00a0de forma profunda, afavorint la neteja de porus i la eliminaci\u00f3 de la brut\u00edcia\u00a0causada per l\u2019aparici\u00f3 de les impureses a la dermis.<\/p>\n<p>Regenera els teixits de la pell.<\/p>\n<p>\u00c9s un component natural perfecte per el tractament dels granets a la zona de l\u2019esquena.<\/p>\n<p>Calma petites mol\u00e8sties i alleuja la cremor de les cremades degut al sol.<\/p>\n<p>L\u2019\u00e0loe \u00e9s molt benefici\u00f3s per prevenir i disminuir les estries, \u00e9s genial per la elasticitat de la pell.<\/p>\n<p>Com ja veus l\u2019\u00e0loe t\u00e9 innumerables beneficis per la teva pell!<\/p>\n<p><strong>Amb propietats refrescants, calmants i descongestives<\/strong><\/p>\n<p><strong>Respecte el ph<\/strong>\u00a0<strong>i l\u2019equilibri natural de la pell<\/strong><\/p>\n<p>El ph s\u2019expressa num\u00e8ricament (del 0 al 14) indicant l\u2019\u00e0cid o alcalinitat que cont\u00e9 una subst\u00e0ncia. Si el ph de la subst\u00e0ncia no est\u00e0 equilibrat amb el ph del nostra cos, tindrem alteracions cut\u00e0nies, aix\u00ed com: caiguda del cabell, pell irritada etc.<\/p>\n<p>&nbsp;<\/p>\n<h3><a name=\"_Toc68001561\"><\/a><strong>Pensat per:<\/strong><\/h3>\n<ul>\n<li>\u00das diari per a tot tipus de pells.<\/li>\n<li>Tamb\u00e9 pells sensibles, irritades i amb al\u00b7l\u00e8rgies als gels convencionals.<\/li>\n<li>\u00c8poques caloroses degut a les propietats refrescants.<\/li>\n<\/ul>\n<p><strong>\u00a0<\/strong><\/p>\n<h3><a name=\"_Toc68001562\"><\/a><strong>Apte per:<\/strong><\/h3>\n<ul>\n<li>Nens\/es a partir de 3 anys.<\/li>\n<\/ul>\n<p><strong>\u00a0<\/strong><\/p>\n<h3><a name=\"_Toc68000358\"><\/a><strong>Mode d\u2019\u00fas<\/strong><\/h3>\n<ul>\n<li>Aplicar en el cos durant el bany i esbandir amb aigua.<\/li>\n<li>Evitar el contacte amb els ulls. En cas de contacte amb els ulls, aclarir immediatament amb abundant aigua.<\/li>\n<\/ul>\n<p><strong>\u00a0<\/strong><\/p>\n<h3><a name=\"_Toc68001564\"><\/a><strong>Ingredients<\/strong><\/h3>\n<p>Aqua, Sodium Laureth Sulfate, Cocamidopropyl Betaine, Sodium Chloride, Aloe Barbadensis Leaf Juice, Lactic Acid, PEG-7 Glyceryl Cocoate, Potassium Sorbate, Polyquaternium-7, Sodium Benzoate, PEG-55 Propylene Glycol Oleate, Propylene Glycol, Benzoic Acid, Parfum, D-Limonene, Hexyl Cinnamal.<\/p>\n","protected":false},"excerpt":{"rendered":"<p>Neteja i repara la pell<\/p>\n","protected":false},"featured_media":18421,"template":"","meta":{"_acf_changed":false,"inline_featured_image":false,"_mbp_gutenberg_autopost":false},"product_brand":[],"product_cat":[142],"product_tag":[139,167],"beneficio":[192,194],"class_list":{"0":"post-18736","1":"product","2":"type-product","3":"status-publish","4":"has-post-thumbnail","6":"product_cat-higiene-i-hidratacio","7":"product_tag-cura-corporal","8":"product_tag-higiene-ca","9":"beneficio-cura-corporal","10":"beneficio-higiene-2","12":"first","13":"instock","14":"shipping-taxable","15":"product-type-simple"},"acf":[],"yoast_head":"<!-- This site is optimized with the Yoast SEO plugin v27.5 - https:\/\/yoast.com\/product\/yoast-seo-wordpress\/ -->\n<title>Sens Gel de bany amb \u00e0loe vera | Farm\u00e0cies Ecoceutics<\/title>\n<meta name=\"description\" content=\"El gel de bany amb \u00e0loe vera calma i refresca la teva pell. Ajuda a netejar amb profunditat les impureses de la dermis.\" \/>\n<meta name=\"robots\" content=\"index, follow, max-snippet:-1, max-image-preview:large, max-video-preview:-1\" \/>\n<link rel=\"canonical\" href=\"https:\/\/www.ecoceutics.com\/ca\/aloe-vera-gel\/\" \/>\n<meta property=\"og:locale\" content=\"ca_ES\" \/>\n<meta property=\"og:type\" content=\"article\" \/>\n<meta property=\"og:title\" content=\"Sens Gel de bany amb \u00e0loe vera | Farm\u00e0cies Ecoceutics\" \/>\n<meta property=\"og:description\" content=\"El gel de bany amb \u00e0loe vera calma i refresca la teva pell. Ajuda a netejar amb profunditat les impureses de la dermis.\" \/>\n<meta property=\"og:url\" content=\"https:\/\/www.ecoceutics.com\/ca\/aloe-vera-gel\/\" \/>\n<meta property=\"og:site_name\" content=\"ecoceutics\" \/>\n<meta property=\"article:modified_time\" content=\"2024-05-08T14:20:16+00:00\" \/>\n<meta property=\"og:image\" content=\"https:\/\/www.ecoceutics.com\/wp-content\/uploads\/2021\/09\/672x672_gel-aloe-vera.jpg\" \/>\n\t<meta property=\"og:image:width\" content=\"672\" \/>\n\t<meta property=\"og:image:height\" content=\"672\" \/>\n\t<meta property=\"og:image:type\" content=\"image\/jpeg\" \/>\n<meta name=\"twitter:card\" content=\"summary_large_image\" \/>\n<meta name=\"twitter:label1\" content=\"Temps estimat de lectura\" \/>\n\t<meta name=\"twitter:data1\" content=\"2 minuts\" \/>\n<script type=\"application\/ld+json\" class=\"yoast-schema-graph\">{\"@context\":\"https:\\\/\\\/schema.org\",\"@graph\":[{\"@type\":\"WebPage\",\"@id\":\"https:\\\/\\\/www.ecoceutics.com\\\/ca\\\/aloe-vera-gel\\\/\",\"url\":\"https:\\\/\\\/www.ecoceutics.com\\\/ca\\\/aloe-vera-gel\\\/\",\"name\":\"Sens Gel de bany amb \u00e0loe vera | Farm\u00e0cies Ecoceutics\",\"isPartOf\":{\"@id\":\"https:\\\/\\\/www.ecoceutics.com\\\/ca\\\/#website\"},\"primaryImageOfPage\":{\"@id\":\"https:\\\/\\\/www.ecoceutics.com\\\/ca\\\/aloe-vera-gel\\\/#primaryimage\"},\"image\":{\"@id\":\"https:\\\/\\\/www.ecoceutics.com\\\/ca\\\/aloe-vera-gel\\\/#primaryimage\"},\"thumbnailUrl\":\"https:\\\/\\\/www.ecoceutics.com\\\/wp-content\\\/uploads\\\/2021\\\/09\\\/672x672_gel-aloe-vera.jpg\",\"datePublished\":\"2021-09-13T11:02:53+00:00\",\"dateModified\":\"2024-05-08T14:20:16+00:00\",\"description\":\"El gel de bany amb \u00e0loe vera calma i refresca la teva pell. Ajuda a netejar amb profunditat les impureses de la dermis.\",\"breadcrumb\":{\"@id\":\"https:\\\/\\\/www.ecoceutics.com\\\/ca\\\/aloe-vera-gel\\\/#breadcrumb\"},\"inLanguage\":\"ca\",\"potentialAction\":[{\"@type\":\"ReadAction\",\"target\":[\"https:\\\/\\\/www.ecoceutics.com\\\/ca\\\/aloe-vera-gel\\\/\"]}]},{\"@type\":\"ImageObject\",\"inLanguage\":\"ca\",\"@id\":\"https:\\\/\\\/www.ecoceutics.com\\\/ca\\\/aloe-vera-gel\\\/#primaryimage\",\"url\":\"https:\\\/\\\/www.ecoceutics.com\\\/wp-content\\\/uploads\\\/2021\\\/09\\\/672x672_gel-aloe-vera.jpg\",\"contentUrl\":\"https:\\\/\\\/www.ecoceutics.com\\\/wp-content\\\/uploads\\\/2021\\\/09\\\/672x672_gel-aloe-vera.jpg\",\"width\":672,\"height\":672},{\"@type\":\"BreadcrumbList\",\"@id\":\"https:\\\/\\\/www.ecoceutics.com\\\/ca\\\/aloe-vera-gel\\\/#breadcrumb\",\"itemListElement\":[{\"@type\":\"ListItem\",\"position\":1,\"name\":\"Portada\",\"item\":\"https:\\\/\\\/www.ecoceutics.com\\\/ca\\\/\"},{\"@type\":\"ListItem\",\"position\":2,\"name\":\"Sens Gel de bany amb \u00e0loe vera\"}]},{\"@type\":\"WebSite\",\"@id\":\"https:\\\/\\\/www.ecoceutics.com\\\/ca\\\/#website\",\"url\":\"https:\\\/\\\/www.ecoceutics.com\\\/ca\\\/\",\"name\":\"ecoceutics\",\"description\":\"Primera red de farmacias independientes bajo una marca\",\"publisher\":{\"@id\":\"https:\\\/\\\/www.ecoceutics.com\\\/ca\\\/#organization\"},\"potentialAction\":[{\"@type\":\"SearchAction\",\"target\":{\"@type\":\"EntryPoint\",\"urlTemplate\":\"https:\\\/\\\/www.ecoceutics.com\\\/ca\\\/?s={search_term_string}\"},\"query-input\":{\"@type\":\"PropertyValueSpecification\",\"valueRequired\":true,\"valueName\":\"search_term_string\"}}],\"inLanguage\":\"ca\"},{\"@type\":\"Organization\",\"@id\":\"https:\\\/\\\/www.ecoceutics.com\\\/ca\\\/#organization\",\"name\":\"Ecoceutics\",\"url\":\"https:\\\/\\\/www.ecoceutics.com\\\/ca\\\/\",\"logo\":{\"@type\":\"ImageObject\",\"inLanguage\":\"ca\",\"@id\":\"https:\\\/\\\/www.ecoceutics.com\\\/ca\\\/#\\\/schema\\\/logo\\\/image\\\/\",\"url\":\"https:\\\/\\\/www.ecoceutics.com\\\/wp-content\\\/uploads\\\/2022\\\/02\\\/Logo-Ecoceutics-SVG-01-1.svg\",\"contentUrl\":\"https:\\\/\\\/www.ecoceutics.com\\\/wp-content\\\/uploads\\\/2022\\\/02\\\/Logo-Ecoceutics-SVG-01-1.svg\",\"width\":232,\"height\":68,\"caption\":\"Ecoceutics\"},\"image\":{\"@id\":\"https:\\\/\\\/www.ecoceutics.com\\\/ca\\\/#\\\/schema\\\/logo\\\/image\\\/\"}}]}<\/script>\n<!-- \/ Yoast SEO plugin. -->","yoast_head_json":{"title":"Sens Gel de bany amb \u00e0loe vera | Farm\u00e0cies Ecoceutics","description":"El gel de bany amb \u00e0loe vera calma i refresca la teva pell. Ajuda a netejar amb profunditat les impureses de la dermis.","robots":{"index":"index","follow":"follow","max-snippet":"max-snippet:-1","max-image-preview":"max-image-preview:large","max-video-preview":"max-video-preview:-1"},"canonical":"https:\/\/www.ecoceutics.com\/ca\/aloe-vera-gel\/","og_locale":"ca_ES","og_type":"article","og_title":"Sens Gel de bany amb \u00e0loe vera | Farm\u00e0cies Ecoceutics","og_description":"El gel de bany amb \u00e0loe vera calma i refresca la teva pell. Ajuda a netejar amb profunditat les impureses de la dermis.","og_url":"https:\/\/www.ecoceutics.com\/ca\/aloe-vera-gel\/","og_site_name":"ecoceutics","article_modified_time":"2024-05-08T14:20:16+00:00","og_image":[{"width":672,"height":672,"url":"https:\/\/www.ecoceutics.com\/wp-content\/uploads\/2021\/09\/672x672_gel-aloe-vera.jpg","type":"image\/jpeg"}],"twitter_card":"summary_large_image","twitter_misc":{"Temps estimat de lectura":"2 minuts"},"schema":{"@context":"https:\/\/schema.org","@graph":[{"@type":"WebPage","@id":"https:\/\/www.ecoceutics.com\/ca\/aloe-vera-gel\/","url":"https:\/\/www.ecoceutics.com\/ca\/aloe-vera-gel\/","name":"Sens Gel de bany amb \u00e0loe vera | Farm\u00e0cies Ecoceutics","isPartOf":{"@id":"https:\/\/www.ecoceutics.com\/ca\/#website"},"primaryImageOfPage":{"@id":"https:\/\/www.ecoceutics.com\/ca\/aloe-vera-gel\/#primaryimage"},"image":{"@id":"https:\/\/www.ecoceutics.com\/ca\/aloe-vera-gel\/#primaryimage"},"thumbnailUrl":"https:\/\/www.ecoceutics.com\/wp-content\/uploads\/2021\/09\/672x672_gel-aloe-vera.jpg","datePublished":"2021-09-13T11:02:53+00:00","dateModified":"2024-05-08T14:20:16+00:00","description":"El gel de bany amb \u00e0loe vera calma i refresca la teva pell. Ajuda a netejar amb profunditat les impureses de la dermis.","breadcrumb":{"@id":"https:\/\/www.ecoceutics.com\/ca\/aloe-vera-gel\/#breadcrumb"},"inLanguage":"ca","potentialAction":[{"@type":"ReadAction","target":["https:\/\/www.ecoceutics.com\/ca\/aloe-vera-gel\/"]}]},{"@type":"ImageObject","inLanguage":"ca","@id":"https:\/\/www.ecoceutics.com\/ca\/aloe-vera-gel\/#primaryimage","url":"https:\/\/www.ecoceutics.com\/wp-content\/uploads\/2021\/09\/672x672_gel-aloe-vera.jpg","contentUrl":"https:\/\/www.ecoceutics.com\/wp-content\/uploads\/2021\/09\/672x672_gel-aloe-vera.jpg","width":672,"height":672},{"@type":"BreadcrumbList","@id":"https:\/\/www.ecoceutics.com\/ca\/aloe-vera-gel\/#breadcrumb","itemListElement":[{"@type":"ListItem","position":1,"name":"Portada","item":"https:\/\/www.ecoceutics.com\/ca\/"},{"@type":"ListItem","position":2,"name":"Sens Gel de bany amb \u00e0loe vera"}]},{"@type":"WebSite","@id":"https:\/\/www.ecoceutics.com\/ca\/#website","url":"https:\/\/www.ecoceutics.com\/ca\/","name":"ecoceutics","description":"Primera red de farmacias independientes bajo una marca","publisher":{"@id":"https:\/\/www.ecoceutics.com\/ca\/#organization"},"potentialAction":[{"@type":"SearchAction","target":{"@type":"EntryPoint","urlTemplate":"https:\/\/www.ecoceutics.com\/ca\/?s={search_term_string}"},"query-input":{"@type":"PropertyValueSpecification","valueRequired":true,"valueName":"search_term_string"}}],"inLanguage":"ca"},{"@type":"Organization","@id":"https:\/\/www.ecoceutics.com\/ca\/#organization","name":"Ecoceutics","url":"https:\/\/www.ecoceutics.com\/ca\/","logo":{"@type":"ImageObject","inLanguage":"ca","@id":"https:\/\/www.ecoceutics.com\/ca\/#\/schema\/logo\/image\/","url":"https:\/\/www.ecoceutics.com\/wp-content\/uploads\/2022\/02\/Logo-Ecoceutics-SVG-01-1.svg","contentUrl":"https:\/\/www.ecoceutics.com\/wp-content\/uploads\/2022\/02\/Logo-Ecoceutics-SVG-01-1.svg","width":232,"height":68,"caption":"Ecoceutics"},"image":{"@id":"https:\/\/www.ecoceutics.com\/ca\/#\/schema\/logo\/image\/"}}]}},"_links":{"self":[{"href":"https:\/\/www.ecoceutics.com\/ca\/wp-json\/wp\/v2\/product\/18736","targetHints":{"allow":["GET"]}}],"collection":[{"href":"https:\/\/www.ecoceutics.com\/ca\/wp-json\/wp\/v2\/product"}],"about":[{"href":"https:\/\/www.ecoceutics.com\/ca\/wp-json\/wp\/v2\/types\/product"}],"wp:featuredmedia":[{"embeddable":true,"href":"https:\/\/www.ecoceutics.com\/ca\/wp-json\/wp\/v2\/media\/18421"}],"wp:attachment":[{"href":"https:\/\/www.ecoceutics.com\/ca\/wp-json\/wp\/v2\/media?parent=18736"}],"wp:term":[{"taxonomy":"product_brand","embeddable":true,"href":"https:\/\/www.ecoceutics.com\/ca\/wp-json\/wp\/v2\/product_brand?post=18736"},{"taxonomy":"product_cat","embeddable":true,"href":"https:\/\/www.ecoceutics.com\/ca\/wp-json\/wp\/v2\/product_cat?post=18736"},{"taxonomy":"product_tag","embeddable":true,"href":"https:\/\/www.ecoceutics.com\/ca\/wp-json\/wp\/v2\/product_tag?post=18736"},{"taxonomy":"beneficio","embeddable":true,"href":"https:\/\/www.ecoceutics.com\/ca\/wp-json\/wp\/v2\/beneficio?post=18736"}],"curies":[{"name":"wp","href":"https:\/\/api.w.org\/{rel}","templated":true}]}}